{"id":3494,"date":"2026-03-11T15:54:31","date_gmt":"2026-03-11T18:54:31","guid":{"rendered":"https:\/\/cfcontabil.com\/cf\/?page_id=3494"},"modified":"2026-03-11T16:02:26","modified_gmt":"2026-03-11T19:02:26","slug":"blog","status":"publish","type":"page","link":"http:\/\/cfcontabil.com\/cf\/blog\/","title":{"rendered":"Blog"},"content":{"rendered":"\t\t<div data-elementor-type=\"wp-page\" data-elementor-id=\"3494\" class=\"elementor elementor-3494\" data-elementor-post-type=\"page\">\n\t\t\t\t<div class=\"elementor-element elementor-element-undefined-ee52a2c e-con-full e-flex e-con e-parent\" data-id=\"undefined-ee52a2c\" data-element_type=\"container\" data-e-type=\"container\">\n\t\t<div class=\"elementor-element elementor-element-undefined-6130ca8 e-con-full e-flex e-con e-child\" data-id=\"undefined-6130ca8\" data-element_type=\"container\" data-e-type=\"container\">\n\t\t\t\t<div class=\"elementor-element elementor-element-undefined-6b5f6f8 elementor-widget elementor-widget-heading\" data-id=\"undefined-6b5f6f8\" data-element_type=\"widget\" data-e-type=\"widget\" data-widget_type=\"heading.default\">\n\t\t\t\t<div class=\"elementor-widget-container\">\n\t\t\t\t\t<h2 class=\"elementor-heading-title elementor-size-default\">Leia os principais artigos do site<\/h2>\t\t\t\t<\/div>\n\t\t\t\t<\/div>\n\t\t\t\t<div class=\"elementor-element elementor-element-undefined-df6f4bb elementor-widget elementor-widget-heading\" data-id=\"undefined-df6f4bb\" data-element_type=\"widget\" data-e-type=\"widget\" data-widget_type=\"heading.default\">\n\t\t\t\t<div class=\"elementor-widget-container\">\n\t\t\t\t\t<h2 class=\"elementor-heading-title elementor-size-default\">Blog da CF Cont\u00e1bil<\/h2>\t\t\t\t<\/div>\n\t\t\t\t<\/div>\n\t\t\t\t<\/div>\n\t\t\t\t<div class=\"elementor-element elementor-element-undefined-4e3eafd elementor-grid-1 elementor-grid-tablet-2 elementor-grid-mobile-1 elementor-posts--thumbnail-top elementor-posts--show-avatar elementor-card-shadow-yes elementor-posts__hover-gradient elementor-widget elementor-widget-posts\" data-id=\"undefined-4e3eafd\" data-element_type=\"widget\" data-e-type=\"widget\" data-settings=\"{&quot;cards_columns&quot;:&quot;1&quot;,&quot;cards_columns_tablet&quot;:&quot;2&quot;,&quot;cards_columns_mobile&quot;:&quot;1&quot;,&quot;cards_row_gap&quot;:{&quot;unit&quot;:&quot;px&quot;,&quot;size&quot;:35,&quot;sizes&quot;:[]},&quot;cards_row_gap_tablet&quot;:{&quot;unit&quot;:&quot;px&quot;,&quot;size&quot;:&quot;&quot;,&quot;sizes&quot;:[]},&quot;cards_row_gap_mobile&quot;:{&quot;unit&quot;:&quot;px&quot;,&quot;size&quot;:&quot;&quot;,&quot;sizes&quot;:[]}}\" data-widget_type=\"posts.cards\">\n\t\t\t\t<div class=\"elementor-widget-container\">\n\t\t\t\t\t\t\t<div class=\"elementor-posts-container elementor-posts elementor-posts--skin-cards elementor-grid\" role=\"list\">\n\t\t\t\t<article class=\"elementor-post elementor-grid-item post-3522 post type-post status-publish format-standard has-post-thumbnail hentry category-geral\" role=\"listitem\">\n\t\t\t<div class=\"elementor-post__card\">\n\t\t\t\t<a class=\"elementor-post__thumbnail__link\" href=\"http:\/\/cfcontabil.com\/cf\/reforma-tributaria-por-que-fazer-um-diagnostico-do-seu-negocio-agora\/\" tabindex=\"-1\" ><div class=\"elementor-post__thumbnail\"><img fetchpriority=\"high\" decoding=\"async\" data-attachment-id=\"3523\" data-permalink=\"http:\/\/cfcontabil.com\/cf\/reforma-tributaria-por-que-fazer-um-diagnostico-do-seu-negocio-agora\/reformatrabalhistacapa\/\" data-orig-file=\"https:\/\/i0.wp.com\/cfcontabil.com\/cf\/wp-content\/uploads\/2026\/03\/reformatrabalhistacapa-scaled.jpg?fit=2560%2C1438\" data-orig-size=\"2560,1438\" data-comments-opened=\"1\" data-image-meta=\"{&quot;aperture&quot;:&quot;0&quot;,&quot;credit&quot;:&quot;&quot;,&quot;camera&quot;:&quot;&quot;,&quot;caption&quot;:&quot;&quot;,&quot;created_timestamp&quot;:&quot;0&quot;,&quot;copyright&quot;:&quot;&quot;,&quot;focal_length&quot;:&quot;0&quot;,&quot;iso&quot;:&quot;0&quot;,&quot;shutter_speed&quot;:&quot;0&quot;,&quot;title&quot;:&quot;&quot;,&quot;orientation&quot;:&quot;0&quot;}\" data-image-title=\"reformatrabalhistacapa\" data-image-description=\"\" data-image-caption=\"\" data-large-file=\"https:\/\/i0.wp.com\/cfcontabil.com\/cf\/wp-content\/uploads\/2026\/03\/reformatrabalhistacapa-scaled.jpg?fit=1024%2C575\" width=\"300\" height=\"169\" src=\"https:\/\/i0.wp.com\/cfcontabil.com\/cf\/wp-content\/uploads\/2026\/03\/reformatrabalhistacapa-scaled.jpg?fit=300%2C169\" class=\"attachment-medium size-medium wp-image-3523\" alt=\"\" srcset=\"https:\/\/i0.wp.com\/cfcontabil.com\/cf\/wp-content\/uploads\/2026\/03\/reformatrabalhistacapa-scaled.jpg?w=2560 2560w, https:\/\/i0.wp.com\/cfcontabil.com\/cf\/wp-content\/uploads\/2026\/03\/reformatrabalhistacapa-scaled.jpg?resize=300%2C169 300w, https:\/\/i0.wp.com\/cfcontabil.com\/cf\/wp-content\/uploads\/2026\/03\/reformatrabalhistacapa-scaled.jpg?resize=1024%2C575 1024w, https:\/\/i0.wp.com\/cfcontabil.com\/cf\/wp-content\/uploads\/2026\/03\/reformatrabalhistacapa-scaled.jpg?resize=768%2C431 768w, https:\/\/i0.wp.com\/cfcontabil.com\/cf\/wp-content\/uploads\/2026\/03\/reformatrabalhistacapa-scaled.jpg?resize=1536%2C863 1536w, https:\/\/i0.wp.com\/cfcontabil.com\/cf\/wp-content\/uploads\/2026\/03\/reformatrabalhistacapa-scaled.jpg?resize=2048%2C1151 2048w, https:\/\/i0.wp.com\/cfcontabil.com\/cf\/wp-content\/uploads\/2026\/03\/reformatrabalhistacapa-scaled.jpg?w=2340 2340w\" sizes=\"(max-width: 300px) 100vw, 300px\" data-attachment-id=\"3523\" data-permalink=\"http:\/\/cfcontabil.com\/cf\/reforma-tributaria-por-que-fazer-um-diagnostico-do-seu-negocio-agora\/reformatrabalhistacapa\/\" data-orig-file=\"https:\/\/i0.wp.com\/cfcontabil.com\/cf\/wp-content\/uploads\/2026\/03\/reformatrabalhistacapa-scaled.jpg?fit=2560%2C1438\" data-orig-size=\"2560,1438\" data-comments-opened=\"1\" data-image-meta=\"{&quot;aperture&quot;:&quot;0&quot;,&quot;credit&quot;:&quot;&quot;,&quot;camera&quot;:&quot;&quot;,&quot;caption&quot;:&quot;&quot;,&quot;created_timestamp&quot;:&quot;0&quot;,&quot;copyright&quot;:&quot;&quot;,&quot;focal_length&quot;:&quot;0&quot;,&quot;iso&quot;:&quot;0&quot;,&quot;shutter_speed&quot;:&quot;0&quot;,&quot;title&quot;:&quot;&quot;,&quot;orientation&quot;:&quot;0&quot;}\" data-image-title=\"reformatrabalhistacapa\" data-image-description=\"\" data-image-caption=\"\" data-large-file=\"https:\/\/i0.wp.com\/cfcontabil.com\/cf\/wp-content\/uploads\/2026\/03\/reformatrabalhistacapa-scaled.jpg?fit=1024%2C575\" \/><\/div><\/a>\n\t\t\t\t<div class=\"elementor-post__badge\">Geral<\/div>\n\t\t\t\t<div class=\"elementor-post__avatar\">\n\t\t\t<img alt='Ab\u00edlio Gon\u00e7alves' src='https:\/\/secure.gravatar.com\/avatar\/08a676375b2627b0ca34ddf82b0f660e39ab0bc49b643129cb072adf5366ee9c?s=128&#038;d=mm&#038;r=g' srcset='https:\/\/secure.gravatar.com\/avatar\/08a676375b2627b0ca34ddf82b0f660e39ab0bc49b643129cb072adf5366ee9c?s=256&#038;d=mm&#038;r=g 2x' class='avatar avatar-128 photo' height='128' width='128' \/>\t\t<\/div>\n\t\t\t\t<div class=\"elementor-post__text\">\n\t\t\t\t<h3 class=\"elementor-post__title\">\n\t\t\t<a href=\"http:\/\/cfcontabil.com\/cf\/reforma-tributaria-por-que-fazer-um-diagnostico-do-seu-negocio-agora\/\" >\n\t\t\t\tReforma Tribut\u00e1ria: por que fazer um diagn\u00f3stico do seu neg\u00f3cio agora?\t\t\t<\/a>\n\t\t<\/h3>\n\t\t\t\t<div class=\"elementor-post__excerpt\">\n\t\t\t<p>A Reforma Tribut\u00e1ria j\u00e1 saiu do papel e come\u00e7a a impactar o dia a dia das empresas brasileiras nos pr\u00f3ximos anos, com a cria\u00e7\u00e3o do<\/p>\n\t\t<\/div>\n\t\t\n\t\t<a class=\"elementor-post__read-more\" href=\"http:\/\/cfcontabil.com\/cf\/reforma-tributaria-por-que-fazer-um-diagnostico-do-seu-negocio-agora\/\" aria-label=\"Leia mais sobre Reforma Tribut\u00e1ria: por que fazer um diagn\u00f3stico do seu neg\u00f3cio agora?\" tabindex=\"-1\" >\n\t\t\tCONTINUE A LEITURA \u00bb\t\t<\/a>\n\n\t\t\t\t<\/div>\n\t\t\t\t<div class=\"elementor-post__meta-data\">\n\t\t\t\t\t<span class=\"elementor-post-date\">\n\t\t\t18 de mar\u00e7o de 2026\t\t<\/span>\n\t\t\t\t<span class=\"elementor-post-avatar\">\n\t\t\tNenhum coment\u00e1rio\t\t<\/span>\n\t\t\t\t<\/div>\n\t\t\t\t\t<\/div>\n\t\t<\/article>\n\t\t\t\t<article class=\"elementor-post elementor-grid-item post-3490 post type-post status-publish format-standard has-post-thumbnail hentry category-geral\" role=\"listitem\">\n\t\t\t<div class=\"elementor-post__card\">\n\t\t\t\t<a class=\"elementor-post__thumbnail__link\" href=\"http:\/\/cfcontabil.com\/cf\/imposto-de-renda-2026-guia-completo-para-organizar-sua-documentacao-hoje-mesmo\/\" tabindex=\"-1\" ><div class=\"elementor-post__thumbnail\"><img decoding=\"async\" data-attachment-id=\"3491\" data-permalink=\"http:\/\/cfcontabil.com\/cf\/imposto-de-renda-2026-guia-completo-para-organizar-sua-documentacao-hoje-mesmo\/blog-capa-ir2026\/\" data-orig-file=\"https:\/\/i0.wp.com\/cfcontabil.com\/cf\/wp-content\/uploads\/2026\/03\/blog-capa-ir2026-scaled.png?fit=2560%2C1429\" data-orig-size=\"2560,1429\" data-comments-opened=\"1\" data-image-meta=\"{&quot;aperture&quot;:&quot;0&quot;,&quot;credit&quot;:&quot;&quot;,&quot;camera&quot;:&quot;&quot;,&quot;caption&quot;:&quot;&quot;,&quot;created_timestamp&quot;:&quot;0&quot;,&quot;copyright&quot;:&quot;&quot;,&quot;focal_length&quot;:&quot;0&quot;,&quot;iso&quot;:&quot;0&quot;,&quot;shutter_speed&quot;:&quot;0&quot;,&quot;title&quot;:&quot;&quot;,&quot;orientation&quot;:&quot;0&quot;}\" data-image-title=\"blog-capa-ir2026\" data-image-description=\"\" data-image-caption=\"\" data-large-file=\"https:\/\/i0.wp.com\/cfcontabil.com\/cf\/wp-content\/uploads\/2026\/03\/blog-capa-ir2026-scaled.png?fit=1024%2C572\" width=\"300\" height=\"167\" src=\"https:\/\/i0.wp.com\/cfcontabil.com\/cf\/wp-content\/uploads\/2026\/03\/blog-capa-ir2026-scaled.png?fit=300%2C167\" class=\"attachment-medium size-medium wp-image-3491\" alt=\"\" srcset=\"https:\/\/i0.wp.com\/cfcontabil.com\/cf\/wp-content\/uploads\/2026\/03\/blog-capa-ir2026-scaled.png?w=2560 2560w, https:\/\/i0.wp.com\/cfcontabil.com\/cf\/wp-content\/uploads\/2026\/03\/blog-capa-ir2026-scaled.png?resize=300%2C167 300w, https:\/\/i0.wp.com\/cfcontabil.com\/cf\/wp-content\/uploads\/2026\/03\/blog-capa-ir2026-scaled.png?resize=1024%2C572 1024w, https:\/\/i0.wp.com\/cfcontabil.com\/cf\/wp-content\/uploads\/2026\/03\/blog-capa-ir2026-scaled.png?resize=768%2C429 768w, https:\/\/i0.wp.com\/cfcontabil.com\/cf\/wp-content\/uploads\/2026\/03\/blog-capa-ir2026-scaled.png?resize=1536%2C857 1536w, https:\/\/i0.wp.com\/cfcontabil.com\/cf\/wp-content\/uploads\/2026\/03\/blog-capa-ir2026-scaled.png?w=2340 2340w\" sizes=\"(max-width: 300px) 100vw, 300px\" data-attachment-id=\"3491\" data-permalink=\"http:\/\/cfcontabil.com\/cf\/imposto-de-renda-2026-guia-completo-para-organizar-sua-documentacao-hoje-mesmo\/blog-capa-ir2026\/\" data-orig-file=\"https:\/\/i0.wp.com\/cfcontabil.com\/cf\/wp-content\/uploads\/2026\/03\/blog-capa-ir2026-scaled.png?fit=2560%2C1429\" data-orig-size=\"2560,1429\" data-comments-opened=\"1\" data-image-meta=\"{&quot;aperture&quot;:&quot;0&quot;,&quot;credit&quot;:&quot;&quot;,&quot;camera&quot;:&quot;&quot;,&quot;caption&quot;:&quot;&quot;,&quot;created_timestamp&quot;:&quot;0&quot;,&quot;copyright&quot;:&quot;&quot;,&quot;focal_length&quot;:&quot;0&quot;,&quot;iso&quot;:&quot;0&quot;,&quot;shutter_speed&quot;:&quot;0&quot;,&quot;title&quot;:&quot;&quot;,&quot;orientation&quot;:&quot;0&quot;}\" data-image-title=\"blog-capa-ir2026\" data-image-description=\"\" data-image-caption=\"\" data-large-file=\"https:\/\/i0.wp.com\/cfcontabil.com\/cf\/wp-content\/uploads\/2026\/03\/blog-capa-ir2026-scaled.png?fit=1024%2C572\" \/><\/div><\/a>\n\t\t\t\t<div class=\"elementor-post__badge\">Geral<\/div>\n\t\t\t\t<div class=\"elementor-post__avatar\">\n\t\t\t<img alt='Ab\u00edlio Gon\u00e7alves' src='https:\/\/secure.gravatar.com\/avatar\/08a676375b2627b0ca34ddf82b0f660e39ab0bc49b643129cb072adf5366ee9c?s=128&#038;d=mm&#038;r=g' srcset='https:\/\/secure.gravatar.com\/avatar\/08a676375b2627b0ca34ddf82b0f660e39ab0bc49b643129cb072adf5366ee9c?s=256&#038;d=mm&#038;r=g 2x' class='avatar avatar-128 photo' height='128' width='128' \/>\t\t<\/div>\n\t\t\t\t<div class=\"elementor-post__text\">\n\t\t\t\t<h3 class=\"elementor-post__title\">\n\t\t\t<a href=\"http:\/\/cfcontabil.com\/cf\/imposto-de-renda-2026-guia-completo-para-organizar-sua-documentacao-hoje-mesmo\/\" >\n\t\t\t\tImposto de Renda 2026: Guia Completo para Organizar sua Documenta\u00e7\u00e3o Hoje Mesmo\t\t\t<\/a>\n\t\t<\/h3>\n\t\t\t\t<div class=\"elementor-post__excerpt\">\n\t\t\t<p>A temporada do Imposto de Renda Pessoa F\u00edsica (IRPF) est\u00e1 se aproximando. Embora as datas oficiais exatas e as regras finais ainda dependam da publica\u00e7\u00e3o<\/p>\n\t\t<\/div>\n\t\t\n\t\t<a class=\"elementor-post__read-more\" href=\"http:\/\/cfcontabil.com\/cf\/imposto-de-renda-2026-guia-completo-para-organizar-sua-documentacao-hoje-mesmo\/\" aria-label=\"Leia mais sobre Imposto de Renda 2026: Guia Completo para Organizar sua Documenta\u00e7\u00e3o Hoje Mesmo\" tabindex=\"-1\" >\n\t\t\tCONTINUE A LEITURA \u00bb\t\t<\/a>\n\n\t\t\t\t<\/div>\n\t\t\t\t<div class=\"elementor-post__meta-data\">\n\t\t\t\t\t<span class=\"elementor-post-date\">\n\t\t\t4 de mar\u00e7o de 2026\t\t<\/span>\n\t\t\t\t<span class=\"elementor-post-avatar\">\n\t\t\tNenhum coment\u00e1rio\t\t<\/span>\n\t\t\t\t<\/div>\n\t\t\t\t\t<\/div>\n\t\t<\/article>\n\t\t\t\t<article class=\"elementor-post elementor-grid-item post-3482 post type-post status-publish format-standard has-post-thumbnail hentry category-geral\" role=\"listitem\">\n\t\t\t<div class=\"elementor-post__card\">\n\t\t\t\t<a class=\"elementor-post__thumbnail__link\" href=\"http:\/\/cfcontabil.com\/cf\/mei-em-2026-guia-completo-sobre-irpf-e-reforma-tributaria\/\" tabindex=\"-1\" ><div class=\"elementor-post__thumbnail\"><img decoding=\"async\" data-attachment-id=\"3483\" data-permalink=\"http:\/\/cfcontabil.com\/cf\/mei-em-2026-guia-completo-sobre-irpf-e-reforma-tributaria\/image-18\/\" data-orig-file=\"https:\/\/i0.wp.com\/cfcontabil.com\/cf\/wp-content\/uploads\/2026\/01\/image.png?fit=991%2C553\" data-orig-size=\"991,553\" data-comments-opened=\"1\" data-image-meta=\"{&quot;aperture&quot;:&quot;0&quot;,&quot;credit&quot;:&quot;&quot;,&quot;camera&quot;:&quot;&quot;,&quot;caption&quot;:&quot;&quot;,&quot;created_timestamp&quot;:&quot;0&quot;,&quot;copyright&quot;:&quot;&quot;,&quot;focal_length&quot;:&quot;0&quot;,&quot;iso&quot;:&quot;0&quot;,&quot;shutter_speed&quot;:&quot;0&quot;,&quot;title&quot;:&quot;&quot;,&quot;orientation&quot;:&quot;0&quot;}\" data-image-title=\"image\" data-image-description=\"\" data-image-caption=\"\" data-large-file=\"https:\/\/i0.wp.com\/cfcontabil.com\/cf\/wp-content\/uploads\/2026\/01\/image.png?fit=991%2C553\" width=\"300\" height=\"167\" src=\"https:\/\/i0.wp.com\/cfcontabil.com\/cf\/wp-content\/uploads\/2026\/01\/image.png?fit=300%2C167\" class=\"attachment-medium size-medium wp-image-3483\" alt=\"\" srcset=\"https:\/\/i0.wp.com\/cfcontabil.com\/cf\/wp-content\/uploads\/2026\/01\/image.png?w=991 991w, https:\/\/i0.wp.com\/cfcontabil.com\/cf\/wp-content\/uploads\/2026\/01\/image.png?resize=300%2C167 300w, https:\/\/i0.wp.com\/cfcontabil.com\/cf\/wp-content\/uploads\/2026\/01\/image.png?resize=768%2C429 768w\" sizes=\"(max-width: 300px) 100vw, 300px\" data-attachment-id=\"3483\" data-permalink=\"http:\/\/cfcontabil.com\/cf\/mei-em-2026-guia-completo-sobre-irpf-e-reforma-tributaria\/image-18\/\" data-orig-file=\"https:\/\/i0.wp.com\/cfcontabil.com\/cf\/wp-content\/uploads\/2026\/01\/image.png?fit=991%2C553\" data-orig-size=\"991,553\" data-comments-opened=\"1\" data-image-meta=\"{&quot;aperture&quot;:&quot;0&quot;,&quot;credit&quot;:&quot;&quot;,&quot;camera&quot;:&quot;&quot;,&quot;caption&quot;:&quot;&quot;,&quot;created_timestamp&quot;:&quot;0&quot;,&quot;copyright&quot;:&quot;&quot;,&quot;focal_length&quot;:&quot;0&quot;,&quot;iso&quot;:&quot;0&quot;,&quot;shutter_speed&quot;:&quot;0&quot;,&quot;title&quot;:&quot;&quot;,&quot;orientation&quot;:&quot;0&quot;}\" data-image-title=\"image\" data-image-description=\"\" data-image-caption=\"\" data-large-file=\"https:\/\/i0.wp.com\/cfcontabil.com\/cf\/wp-content\/uploads\/2026\/01\/image.png?fit=991%2C553\" \/><\/div><\/a>\n\t\t\t\t<div class=\"elementor-post__badge\">Geral<\/div>\n\t\t\t\t<div class=\"elementor-post__avatar\">\n\t\t\t<img alt='Ab\u00edlio Gon\u00e7alves' src='https:\/\/secure.gravatar.com\/avatar\/08a676375b2627b0ca34ddf82b0f660e39ab0bc49b643129cb072adf5366ee9c?s=128&#038;d=mm&#038;r=g' srcset='https:\/\/secure.gravatar.com\/avatar\/08a676375b2627b0ca34ddf82b0f660e39ab0bc49b643129cb072adf5366ee9c?s=256&#038;d=mm&#038;r=g 2x' class='avatar avatar-128 photo' height='128' width='128' \/>\t\t<\/div>\n\t\t\t\t<div class=\"elementor-post__text\">\n\t\t\t\t<h3 class=\"elementor-post__title\">\n\t\t\t<a href=\"http:\/\/cfcontabil.com\/cf\/mei-em-2026-guia-completo-sobre-irpf-e-reforma-tributaria\/\" >\n\t\t\t\tMEI em 2026: Guia Completo sobre IRPF e Reforma Tribut\u00e1ria\t\t\t<\/a>\n\t\t<\/h3>\n\t\t\t\t<div class=\"elementor-post__excerpt\">\n\t\t\t<p>Mais de 15 milh\u00f5es de MEIs precisam se adaptar \u00e0s novas regras fiscais de 2026, incluindo tributa\u00e7\u00e3o de lucros e emiss\u00e3o obrigat\u00f3ria de notas fiscais.<\/p>\n\t\t<\/div>\n\t\t\n\t\t<a class=\"elementor-post__read-more\" href=\"http:\/\/cfcontabil.com\/cf\/mei-em-2026-guia-completo-sobre-irpf-e-reforma-tributaria\/\" aria-label=\"Leia mais sobre MEI em 2026: Guia Completo sobre IRPF e Reforma Tribut\u00e1ria\" tabindex=\"-1\" >\n\t\t\tCONTINUE A LEITURA \u00bb\t\t<\/a>\n\n\t\t\t\t<\/div>\n\t\t\t\t<div class=\"elementor-post__meta-data\">\n\t\t\t\t\t<span class=\"elementor-post-date\">\n\t\t\t21 de janeiro de 2026\t\t<\/span>\n\t\t\t\t<span class=\"elementor-post-avatar\">\n\t\t\tNenhum coment\u00e1rio\t\t<\/span>\n\t\t\t\t<\/div>\n\t\t\t\t\t<\/div>\n\t\t<\/article>\n\t\t\t\t<article class=\"elementor-post elementor-grid-item post-3476 post type-post status-publish format-standard has-post-thumbnail hentry category-geral\" role=\"listitem\">\n\t\t\t<div class=\"elementor-post__card\">\n\t\t\t\t<a class=\"elementor-post__thumbnail__link\" href=\"http:\/\/cfcontabil.com\/cf\/infografico-entenda-as-novas-regras-do-ir\/\" tabindex=\"-1\" ><div class=\"elementor-post__thumbnail\"><img loading=\"lazy\" decoding=\"async\" data-attachment-id=\"3478\" data-permalink=\"http:\/\/cfcontabil.com\/cf\/infografico-entenda-as-novas-regras-do-ir\/capa-info-entenda\/\" data-orig-file=\"https:\/\/i0.wp.com\/cfcontabil.com\/cf\/wp-content\/uploads\/2026\/01\/Capa-info-entenda.png?fit=1223%2C415\" data-orig-size=\"1223,415\" data-comments-opened=\"1\" data-image-meta=\"{&quot;aperture&quot;:&quot;0&quot;,&quot;credit&quot;:&quot;&quot;,&quot;camera&quot;:&quot;&quot;,&quot;caption&quot;:&quot;&quot;,&quot;created_timestamp&quot;:&quot;0&quot;,&quot;copyright&quot;:&quot;&quot;,&quot;focal_length&quot;:&quot;0&quot;,&quot;iso&quot;:&quot;0&quot;,&quot;shutter_speed&quot;:&quot;0&quot;,&quot;title&quot;:&quot;&quot;,&quot;orientation&quot;:&quot;0&quot;}\" data-image-title=\"Capa info entenda\" data-image-description=\"\" data-image-caption=\"\" data-large-file=\"https:\/\/i0.wp.com\/cfcontabil.com\/cf\/wp-content\/uploads\/2026\/01\/Capa-info-entenda.png?fit=1024%2C347\" width=\"300\" height=\"102\" src=\"https:\/\/i0.wp.com\/cfcontabil.com\/cf\/wp-content\/uploads\/2026\/01\/Capa-info-entenda.png?fit=300%2C102\" class=\"attachment-medium size-medium wp-image-3478\" alt=\"\" srcset=\"https:\/\/i0.wp.com\/cfcontabil.com\/cf\/wp-content\/uploads\/2026\/01\/Capa-info-entenda.png?w=1223 1223w, https:\/\/i0.wp.com\/cfcontabil.com\/cf\/wp-content\/uploads\/2026\/01\/Capa-info-entenda.png?resize=300%2C102 300w, https:\/\/i0.wp.com\/cfcontabil.com\/cf\/wp-content\/uploads\/2026\/01\/Capa-info-entenda.png?resize=1024%2C347 1024w, https:\/\/i0.wp.com\/cfcontabil.com\/cf\/wp-content\/uploads\/2026\/01\/Capa-info-entenda.png?resize=768%2C261 768w\" sizes=\"(max-width: 300px) 100vw, 300px\" data-attachment-id=\"3478\" data-permalink=\"http:\/\/cfcontabil.com\/cf\/infografico-entenda-as-novas-regras-do-ir\/capa-info-entenda\/\" data-orig-file=\"https:\/\/i0.wp.com\/cfcontabil.com\/cf\/wp-content\/uploads\/2026\/01\/Capa-info-entenda.png?fit=1223%2C415\" data-orig-size=\"1223,415\" data-comments-opened=\"1\" data-image-meta=\"{&quot;aperture&quot;:&quot;0&quot;,&quot;credit&quot;:&quot;&quot;,&quot;camera&quot;:&quot;&quot;,&quot;caption&quot;:&quot;&quot;,&quot;created_timestamp&quot;:&quot;0&quot;,&quot;copyright&quot;:&quot;&quot;,&quot;focal_length&quot;:&quot;0&quot;,&quot;iso&quot;:&quot;0&quot;,&quot;shutter_speed&quot;:&quot;0&quot;,&quot;title&quot;:&quot;&quot;,&quot;orientation&quot;:&quot;0&quot;}\" data-image-title=\"Capa info entenda\" data-image-description=\"\" data-image-caption=\"\" data-large-file=\"https:\/\/i0.wp.com\/cfcontabil.com\/cf\/wp-content\/uploads\/2026\/01\/Capa-info-entenda.png?fit=1024%2C347\" \/><\/div><\/a>\n\t\t\t\t<div class=\"elementor-post__badge\">Geral<\/div>\n\t\t\t\t<div class=\"elementor-post__avatar\">\n\t\t\t<img alt='Ab\u00edlio Gon\u00e7alves' src='https:\/\/secure.gravatar.com\/avatar\/08a676375b2627b0ca34ddf82b0f660e39ab0bc49b643129cb072adf5366ee9c?s=128&#038;d=mm&#038;r=g' srcset='https:\/\/secure.gravatar.com\/avatar\/08a676375b2627b0ca34ddf82b0f660e39ab0bc49b643129cb072adf5366ee9c?s=256&#038;d=mm&#038;r=g 2x' class='avatar avatar-128 photo' height='128' width='128' \/>\t\t<\/div>\n\t\t\t\t<div class=\"elementor-post__text\">\n\t\t\t\t<h3 class=\"elementor-post__title\">\n\t\t\t<a href=\"http:\/\/cfcontabil.com\/cf\/infografico-entenda-as-novas-regras-do-ir\/\" >\n\t\t\t\tInfogr\u00e1fico: Entenda as novas regras do IR\t\t\t<\/a>\n\t\t<\/h3>\n\t\t\t\t<div class=\"elementor-post__excerpt\">\n\t\t\t<p>Simplifique seu IRPF e Evite a Malha Fina! Fale conosco: 61 33816090.<\/p>\n\t\t<\/div>\n\t\t\n\t\t<a class=\"elementor-post__read-more\" href=\"http:\/\/cfcontabil.com\/cf\/infografico-entenda-as-novas-regras-do-ir\/\" aria-label=\"Leia mais sobre Infogr\u00e1fico: Entenda as novas regras do IR\" tabindex=\"-1\" >\n\t\t\tCONTINUE A LEITURA \u00bb\t\t<\/a>\n\n\t\t\t\t<\/div>\n\t\t\t\t<div class=\"elementor-post__meta-data\">\n\t\t\t\t\t<span class=\"elementor-post-date\">\n\t\t\t20 de janeiro de 2026\t\t<\/span>\n\t\t\t\t<span class=\"elementor-post-avatar\">\n\t\t\tNenhum coment\u00e1rio\t\t<\/span>\n\t\t\t\t<\/div>\n\t\t\t\t\t<\/div>\n\t\t<\/article>\n\t\t\t\t<article class=\"elementor-post elementor-grid-item post-3466 post type-post status-publish format-standard has-post-thumbnail hentry category-imposto-de-renda\" role=\"listitem\">\n\t\t\t<div class=\"elementor-post__card\">\n\t\t\t\t<a class=\"elementor-post__thumbnail__link\" href=\"http:\/\/cfcontabil.com\/cf\/irpf-2026-isencao-de-r-5mil-nova-tabela\/\" tabindex=\"-1\" ><div class=\"elementor-post__thumbnail\"><img loading=\"lazy\" decoding=\"async\" data-attachment-id=\"3467\" data-permalink=\"http:\/\/cfcontabil.com\/cf\/irpf-2026-isencao-de-r-5mil-nova-tabela\/irpf26-nova-tabela\/\" data-orig-file=\"https:\/\/i0.wp.com\/cfcontabil.com\/cf\/wp-content\/uploads\/2026\/01\/IRPF26-NOVA-TABELA-scaled.png?fit=2560%2C1429\" data-orig-size=\"2560,1429\" data-comments-opened=\"1\" data-image-meta=\"{&quot;aperture&quot;:&quot;0&quot;,&quot;credit&quot;:&quot;&quot;,&quot;camera&quot;:&quot;&quot;,&quot;caption&quot;:&quot;&quot;,&quot;created_timestamp&quot;:&quot;0&quot;,&quot;copyright&quot;:&quot;&quot;,&quot;focal_length&quot;:&quot;0&quot;,&quot;iso&quot;:&quot;0&quot;,&quot;shutter_speed&quot;:&quot;0&quot;,&quot;title&quot;:&quot;&quot;,&quot;orientation&quot;:&quot;0&quot;}\" data-image-title=\"IRPF26 NOVA TABELA\" data-image-description=\"\" data-image-caption=\"\" data-large-file=\"https:\/\/i0.wp.com\/cfcontabil.com\/cf\/wp-content\/uploads\/2026\/01\/IRPF26-NOVA-TABELA-scaled.png?fit=1024%2C572\" width=\"300\" height=\"167\" src=\"https:\/\/i0.wp.com\/cfcontabil.com\/cf\/wp-content\/uploads\/2026\/01\/IRPF26-NOVA-TABELA-scaled.png?fit=300%2C167\" class=\"attachment-medium size-medium wp-image-3467\" alt=\"\" srcset=\"https:\/\/i0.wp.com\/cfcontabil.com\/cf\/wp-content\/uploads\/2026\/01\/IRPF26-NOVA-TABELA-scaled.png?w=2560 2560w, https:\/\/i0.wp.com\/cfcontabil.com\/cf\/wp-content\/uploads\/2026\/01\/IRPF26-NOVA-TABELA-scaled.png?resize=300%2C167 300w, https:\/\/i0.wp.com\/cfcontabil.com\/cf\/wp-content\/uploads\/2026\/01\/IRPF26-NOVA-TABELA-scaled.png?resize=1024%2C572 1024w, https:\/\/i0.wp.com\/cfcontabil.com\/cf\/wp-content\/uploads\/2026\/01\/IRPF26-NOVA-TABELA-scaled.png?resize=768%2C429 768w, https:\/\/i0.wp.com\/cfcontabil.com\/cf\/wp-content\/uploads\/2026\/01\/IRPF26-NOVA-TABELA-scaled.png?w=2340 2340w\" sizes=\"(max-width: 300px) 100vw, 300px\" data-attachment-id=\"3467\" data-permalink=\"http:\/\/cfcontabil.com\/cf\/irpf-2026-isencao-de-r-5mil-nova-tabela\/irpf26-nova-tabela\/\" data-orig-file=\"https:\/\/i0.wp.com\/cfcontabil.com\/cf\/wp-content\/uploads\/2026\/01\/IRPF26-NOVA-TABELA-scaled.png?fit=2560%2C1429\" data-orig-size=\"2560,1429\" data-comments-opened=\"1\" data-image-meta=\"{&quot;aperture&quot;:&quot;0&quot;,&quot;credit&quot;:&quot;&quot;,&quot;camera&quot;:&quot;&quot;,&quot;caption&quot;:&quot;&quot;,&quot;created_timestamp&quot;:&quot;0&quot;,&quot;copyright&quot;:&quot;&quot;,&quot;focal_length&quot;:&quot;0&quot;,&quot;iso&quot;:&quot;0&quot;,&quot;shutter_speed&quot;:&quot;0&quot;,&quot;title&quot;:&quot;&quot;,&quot;orientation&quot;:&quot;0&quot;}\" data-image-title=\"IRPF26 NOVA TABELA\" data-image-description=\"\" data-image-caption=\"\" data-large-file=\"https:\/\/i0.wp.com\/cfcontabil.com\/cf\/wp-content\/uploads\/2026\/01\/IRPF26-NOVA-TABELA-scaled.png?fit=1024%2C572\" \/><\/div><\/a>\n\t\t\t\t<div class=\"elementor-post__badge\">Imposto de Renda<\/div>\n\t\t\t\t<div class=\"elementor-post__avatar\">\n\t\t\t<img alt='Ab\u00edlio Gon\u00e7alves' src='https:\/\/secure.gravatar.com\/avatar\/08a676375b2627b0ca34ddf82b0f660e39ab0bc49b643129cb072adf5366ee9c?s=128&#038;d=mm&#038;r=g' srcset='https:\/\/secure.gravatar.com\/avatar\/08a676375b2627b0ca34ddf82b0f660e39ab0bc49b643129cb072adf5366ee9c?s=256&#038;d=mm&#038;r=g 2x' class='avatar avatar-128 photo' height='128' width='128' \/>\t\t<\/div>\n\t\t\t\t<div class=\"elementor-post__text\">\n\t\t\t\t<h3 class=\"elementor-post__title\">\n\t\t\t<a href=\"http:\/\/cfcontabil.com\/cf\/irpf-2026-isencao-de-r-5mil-nova-tabela\/\" >\n\t\t\t\tIR 2026: Isen\u00e7\u00e3o de R$ 5mil &#8211; Nova Tabela!\t\t\t<\/a>\n\t\t<\/h3>\n\t\t\t\t<div class=\"elementor-post__excerpt\">\n\t\t\t<p>Guia Completo da CF Cont\u00e1bil 1.0 Introdu\u00e7\u00e3o: Voc\u00ea Est\u00e1 Deixando Dinheiro na Mesa?Voc\u00ea sabe se tem direito \u00e0 isen\u00e7\u00e3o total do Imposto de Renda ou<\/p>\n\t\t<\/div>\n\t\t\n\t\t<a class=\"elementor-post__read-more\" href=\"http:\/\/cfcontabil.com\/cf\/irpf-2026-isencao-de-r-5mil-nova-tabela\/\" aria-label=\"Leia mais sobre IR 2026: Isen\u00e7\u00e3o de R$ 5mil &#8211; Nova Tabela!\" tabindex=\"-1\" >\n\t\t\tCONTINUE A LEITURA \u00bb\t\t<\/a>\n\n\t\t\t\t<\/div>\n\t\t\t\t<div class=\"elementor-post__meta-data\">\n\t\t\t\t\t<span class=\"elementor-post-date\">\n\t\t\t16 de janeiro de 2026\t\t<\/span>\n\t\t\t\t<span class=\"elementor-post-avatar\">\n\t\t\tNenhum coment\u00e1rio\t\t<\/span>\n\t\t\t\t<\/div>\n\t\t\t\t\t<\/div>\n\t\t<\/article>\n\t\t\t\t<article class=\"elementor-post elementor-grid-item post-3435 post type-post status-publish format-standard has-post-thumbnail hentry category-geral\" role=\"listitem\">\n\t\t\t<div class=\"elementor-post__card\">\n\t\t\t\t<a class=\"elementor-post__thumbnail__link\" href=\"http:\/\/cfcontabil.com\/cf\/da-automacao-a-inteligencia-o-futuro-da-contabilidade-ja-comecou\/\" tabindex=\"-1\" ><div class=\"elementor-post__thumbnail\"><img loading=\"lazy\" decoding=\"async\" data-attachment-id=\"3436\" data-permalink=\"http:\/\/cfcontabil.com\/cf\/da-automacao-a-inteligencia-o-futuro-da-contabilidade-ja-comecou\/conta-azul-con25\/\" data-orig-file=\"https:\/\/i0.wp.com\/cfcontabil.com\/cf\/wp-content\/uploads\/2025\/09\/conta-azul-con25.png?fit=992%2C388\" data-orig-size=\"992,388\" data-comments-opened=\"1\" data-image-meta=\"{&quot;aperture&quot;:&quot;0&quot;,&quot;credit&quot;:&quot;&quot;,&quot;camera&quot;:&quot;&quot;,&quot;caption&quot;:&quot;&quot;,&quot;created_timestamp&quot;:&quot;0&quot;,&quot;copyright&quot;:&quot;&quot;,&quot;focal_length&quot;:&quot;0&quot;,&quot;iso&quot;:&quot;0&quot;,&quot;shutter_speed&quot;:&quot;0&quot;,&quot;title&quot;:&quot;&quot;,&quot;orientation&quot;:&quot;0&quot;}\" data-image-title=\"conta azul con25\" data-image-description=\"\" data-image-caption=\"\" data-large-file=\"https:\/\/i0.wp.com\/cfcontabil.com\/cf\/wp-content\/uploads\/2025\/09\/conta-azul-con25.png?fit=992%2C388\" width=\"300\" height=\"117\" src=\"https:\/\/i0.wp.com\/cfcontabil.com\/cf\/wp-content\/uploads\/2025\/09\/conta-azul-con25.png?fit=300%2C117\" class=\"attachment-medium size-medium wp-image-3436\" alt=\"\" srcset=\"https:\/\/i0.wp.com\/cfcontabil.com\/cf\/wp-content\/uploads\/2025\/09\/conta-azul-con25.png?w=992 992w, https:\/\/i0.wp.com\/cfcontabil.com\/cf\/wp-content\/uploads\/2025\/09\/conta-azul-con25.png?resize=300%2C117 300w, https:\/\/i0.wp.com\/cfcontabil.com\/cf\/wp-content\/uploads\/2025\/09\/conta-azul-con25.png?resize=768%2C300 768w\" sizes=\"(max-width: 300px) 100vw, 300px\" data-attachment-id=\"3436\" data-permalink=\"http:\/\/cfcontabil.com\/cf\/da-automacao-a-inteligencia-o-futuro-da-contabilidade-ja-comecou\/conta-azul-con25\/\" data-orig-file=\"https:\/\/i0.wp.com\/cfcontabil.com\/cf\/wp-content\/uploads\/2025\/09\/conta-azul-con25.png?fit=992%2C388\" data-orig-size=\"992,388\" data-comments-opened=\"1\" data-image-meta=\"{&quot;aperture&quot;:&quot;0&quot;,&quot;credit&quot;:&quot;&quot;,&quot;camera&quot;:&quot;&quot;,&quot;caption&quot;:&quot;&quot;,&quot;created_timestamp&quot;:&quot;0&quot;,&quot;copyright&quot;:&quot;&quot;,&quot;focal_length&quot;:&quot;0&quot;,&quot;iso&quot;:&quot;0&quot;,&quot;shutter_speed&quot;:&quot;0&quot;,&quot;title&quot;:&quot;&quot;,&quot;orientation&quot;:&quot;0&quot;}\" data-image-title=\"conta azul con25\" data-image-description=\"\" data-image-caption=\"\" data-large-file=\"https:\/\/i0.wp.com\/cfcontabil.com\/cf\/wp-content\/uploads\/2025\/09\/conta-azul-con25.png?fit=992%2C388\" \/><\/div><\/a>\n\t\t\t\t<div class=\"elementor-post__badge\">Geral<\/div>\n\t\t\t\t<div class=\"elementor-post__avatar\">\n\t\t\t<img alt='Ab\u00edlio Gon\u00e7alves' src='https:\/\/secure.gravatar.com\/avatar\/08a676375b2627b0ca34ddf82b0f660e39ab0bc49b643129cb072adf5366ee9c?s=128&#038;d=mm&#038;r=g' srcset='https:\/\/secure.gravatar.com\/avatar\/08a676375b2627b0ca34ddf82b0f660e39ab0bc49b643129cb072adf5366ee9c?s=256&#038;d=mm&#038;r=g 2x' class='avatar avatar-128 photo' height='128' width='128' \/>\t\t<\/div>\n\t\t\t\t<div class=\"elementor-post__text\">\n\t\t\t\t<h3 class=\"elementor-post__title\">\n\t\t\t<a href=\"http:\/\/cfcontabil.com\/cf\/da-automacao-a-inteligencia-o-futuro-da-contabilidade-ja-comecou\/\" >\n\t\t\t\tDa Automa\u00e7\u00e3o \u00e0 Intelig\u00eancia: O Futuro da Contabilidade j\u00e1 Come\u00e7ou\t\t\t<\/a>\n\t\t<\/h3>\n\t\t\t\t<div class=\"elementor-post__excerpt\">\n\t\t\t<p>Na \u00faltima edi\u00e7\u00e3o do Conta Azul Con 2025, participei da palestra conduzida por Rodrigo Bogoni e Dercio Bolais, representantes da Thomson Reuters e da Dom\u00ednio.<\/p>\n\t\t<\/div>\n\t\t\n\t\t<a class=\"elementor-post__read-more\" href=\"http:\/\/cfcontabil.com\/cf\/da-automacao-a-inteligencia-o-futuro-da-contabilidade-ja-comecou\/\" aria-label=\"Leia mais sobre Da Automa\u00e7\u00e3o \u00e0 Intelig\u00eancia: O Futuro da Contabilidade j\u00e1 Come\u00e7ou\" tabindex=\"-1\" >\n\t\t\tCONTINUE A LEITURA \u00bb\t\t<\/a>\n\n\t\t\t\t<\/div>\n\t\t\t\t<div class=\"elementor-post__meta-data\">\n\t\t\t\t\t<span class=\"elementor-post-date\">\n\t\t\t10 de setembro de 2025\t\t<\/span>\n\t\t\t\t<span class=\"elementor-post-avatar\">\n\t\t\tNenhum coment\u00e1rio\t\t<\/span>\n\t\t\t\t<\/div>\n\t\t\t\t\t<\/div>\n\t\t<\/article>\n\t\t\t\t<\/div>\n\t\t\n\t\t\t\t\t\t<\/div>\n\t\t\t\t<\/div>\n\t\t\t\t<div class=\"elementor-element elementor-element-undefined-4395e48 elementor-widget__width-auto elementor-align-right elementor-widget elementor-widget-button\" data-id=\"undefined-4395e48\" data-element_type=\"widget\" data-e-type=\"widget\" data-widget_type=\"button.default\">\n\t\t\t\t<div class=\"elementor-widget-container\">\n\t\t\t\t\t\t\t\t\t<div class=\"elementor-button-wrapper\">\n\t\t\t\t\t<a class=\"elementor-button elementor-button-link elementor-size-sm\" href=\"#\">\n\t\t\t\t\t\t<span class=\"elementor-button-content-wrapper\">\n\t\t\t\t\t\t\t\t\t<span class=\"elementor-button-text\">VEJA TODOS OS POSTS<\/span>\n\t\t\t\t\t<\/span>\n\t\t\t\t\t<\/a>\n\t\t\t\t<\/div>\n\t\t\t\t\t\t\t\t<\/div>\n\t\t\t\t<\/div>\n\t\t\t\t<\/div>\n\t\t\t\t<\/div>\n\t\t","protected":false},"excerpt":{"rendered":"<p>Leia os principais artigos do site Blog da CF Cont\u00e1bil VEJA TODOS OS POSTS<\/p>\n","protected":false},"author":1,"featured_media":0,"parent":0,"menu_order":0,"comment_status":"closed","ping_status":"closed","template":"","meta":{"jetpack_post_was_ever_published":false,"footnotes":""},"class_list":["post-3494","page","type-page","status-publish","hentry"],"jetpack_sharing_enabled":true,"jetpack_shortlink":"https:\/\/wp.me\/P2wklX-Um","jetpack-related-posts":[{"id":1557,"url":"http:\/\/cfcontabil.com\/cf\/sobre\/","url_meta":{"origin":3494,"position":0},"title":"Sobre","author":"Francisco Eug\u00eancio B16","date":"3 de fevereiro de 2012","format":false,"excerpt":"Quem Somos \"Somos uma empresa familiar, onde todos nossos colaboradores s\u00e3o altamente qualificados, atuando no mercado cont\u00e1bil e empreendedor h\u00e1 mais duas d\u00e9cadas\" Facebook Acompanhe as principais not\u00edcias e acontecimentos no mundo empresarial e cont\u00e1bil. Cres\u00e7a conosco, curta a P\u00e1gina e fa\u00e7a seu network! Twitter Tenha rapidamente um resumo dos\u2026","rel":"","context":"Com 1 coment\u00e1rio","block_context":{"text":"Com 1 coment\u00e1rio","link":"http:\/\/cfcontabil.com\/cf\/sobre\/#comments"},"img":{"alt_text":"","src":"https:\/\/i0.wp.com\/cfcontabil.com\/cf\/wp-content\/uploads\/2012\/02\/CF-CONTABIL-Cabe%C3%A7alho-redes-sociais-2.png?fit=1200%2C312&resize=350%2C200","width":350,"height":200,"srcset":"https:\/\/i0.wp.com\/cfcontabil.com\/cf\/wp-content\/uploads\/2012\/02\/CF-CONTABIL-Cabe%C3%A7alho-redes-sociais-2.png?fit=1200%2C312&resize=350%2C200 1x, https:\/\/i0.wp.com\/cfcontabil.com\/cf\/wp-content\/uploads\/2012\/02\/CF-CONTABIL-Cabe%C3%A7alho-redes-sociais-2.png?fit=1200%2C312&resize=525%2C300 1.5x, https:\/\/i0.wp.com\/cfcontabil.com\/cf\/wp-content\/uploads\/2012\/02\/CF-CONTABIL-Cabe%C3%A7alho-redes-sociais-2.png?fit=1200%2C312&resize=700%2C400 2x, https:\/\/i0.wp.com\/cfcontabil.com\/cf\/wp-content\/uploads\/2012\/02\/CF-CONTABIL-Cabe%C3%A7alho-redes-sociais-2.png?fit=1200%2C312&resize=1050%2C600 3x"},"classes":[]},{"id":53,"url":"http:\/\/cfcontabil.com\/cf\/","url_meta":{"origin":3494,"position":1},"title":"Home","author":"Ab\u00edlio Gon\u00e7alves","date":"13 de dezembro de 2018","format":false,"excerpt":"IRPF2026 BLOG Simplifique sua contabilidade! ABERTURA DE EMPRESA OU TROCA DE CONTADOR Entre em contato pelo Whatsapp ? Menos burocracia, mais tempo para o que importa, com quem j\u00e1 cuida de empresas em Bras\u00edlia h\u00e1 quase 3 d\u00e9cadas. Automatizada Evite retrabalhos ou erros de importa\u00e7\u00e3o de notas fiscais com nosso\u2026","rel":"","context":"Post similar","block_context":{"text":"Post similar","link":""},"img":{"alt_text":"","src":"https:\/\/i0.wp.com\/cfcontabil.com\/cf\/wp-content\/uploads\/2019\/09\/cropped-cropped-02583_CF-logo-300x57.png?resize=350%2C200","width":350,"height":200},"classes":[]},{"id":1308,"url":"http:\/\/cfcontabil.com\/cf\/politica-de-privacidade\/","url_meta":{"origin":3494,"position":2},"title":"Privacidade","author":"Francisco Eug\u00eancio B16","date":"4 de junho de 2018","format":false,"excerpt":"PRIVACIDADE Pol\u00edtica de privacidade para\u00a0CF Cont\u00e1bil\u00a0Todas as suas informa\u00e7\u00f5es pessoais recolhidas, ser\u00e3o usadas para o ajudar a tornar a sua visita no nosso site o mais produtiva e agrad\u00e1vel poss\u00edvel.A garantia da confidencialidade dos dados pessoais dos utilizadores do nosso site \u00e9 importante para a CF Cont\u00e1bil.Todas as informa\u00e7\u00f5es pessoais\u2026","rel":"","context":"Post similar","block_context":{"text":"Post similar","link":""},"img":{"alt_text":"","src":"","width":0,"height":0},"classes":[]},{"id":287,"url":"http:\/\/cfcontabil.com\/cf\/contabilidade-digital\/","url_meta":{"origin":3494,"position":3},"title":"Contabilidade Digital","author":"Francisco Eug\u00eancio B16","date":"9 de janeiro de 2013","format":false,"excerpt":"Contabilidade Digital Para acessar nosso sistema em nuvem clique no \u00edcone acima e ser\u00e1 redirecionado para o site: http:\/\/cfcontabil.com\/cliente. Experimente tamb\u00e9m o App e-Contador. Por Ab\u00edlio Gon\u00e7alves A contabilidade digital, online e sem papel, j\u00e1 \u00e9 uma realidade em funcionamento com nossos clientes e representa uma seguran\u00e7a e confiabilidade nos\u2026","rel":"","context":"Post similar","block_context":{"text":"Post similar","link":""},"img":{"alt_text":"","src":"https:\/\/i0.wp.com\/cfcontabil.com\/cf\/wp-content\/uploads\/2019\/09\/CF-Cont%C3%A1bil-CorreioBraziliense-Mar%C3%A7o2017-150x150.jpg?resize=350%2C200","width":350,"height":200},"classes":[]},{"id":3448,"url":"http:\/\/cfcontabil.com\/cf\/nf-stock-monitor-conecte-suas-notas-com-a-cf-contabil-digital\/","url_meta":{"origin":3494,"position":4},"title":"NF-Stock Monitor: conecte suas notas com a CF Cont\u00e1bil Digital","author":"Ab\u00edlio Gon\u00e7alves","date":"9 de outubro de 2025","format":false,"excerpt":"Facilite sua rotina: com o NF-Stock Monitor instalado em sua m\u00e1quina, suas notas fiscais s\u00e3o enviadas automaticamente para nossa base cont\u00e1bil, garantindo agilidade, seguran\u00e7a e conformidade fiscal. O NF-Stock Monitor \u00e9 uma ferramenta que automatiza o envio das suas notas fiscais eletr\u00f4nicas (XML) diretamente para o sistema da contabilidade, sem\u2026","rel":"","context":"Post similar","block_context":{"text":"Post similar","link":""},"img":{"alt_text":"","src":"https:\/\/i0.wp.com\/cfcontabil.com\/cf\/wp-content\/uploads\/2025\/10\/nfstock-download.png?resize=350%2C200","width":350,"height":200,"srcset":"https:\/\/i0.wp.com\/cfcontabil.com\/cf\/wp-content\/uploads\/2025\/10\/nfstock-download.png?resize=350%2C200 1x, https:\/\/i0.wp.com\/cfcontabil.com\/cf\/wp-content\/uploads\/2025\/10\/nfstock-download.png?resize=525%2C300 1.5x, https:\/\/i0.wp.com\/cfcontabil.com\/cf\/wp-content\/uploads\/2025\/10\/nfstock-download.png?resize=700%2C400 2x"},"classes":[]},{"id":284,"url":"http:\/\/cfcontabil.com\/cf\/servicos\/","url_meta":{"origin":3494,"position":5},"title":"Servi\u00e7os","author":"Francisco Eug\u00eancio B16","date":"4 de janeiro de 2013","format":false,"excerpt":"NOSSOS SERVI\u00c7OS Estamos h\u00e1 mais de 28 anos no mercado cont\u00e1bil de Bras\u00edlia, com um \u00e1gil atendimento e qualidade nos servi\u00e7os prestados, com foco nas atividades essenciais das empresas clientes e auxiliando com a contabilidade consultiva e digital para seu crescimento e sucesso empresarial. Entre em contato Empresas Servi\u00e7os de\u2026","rel":"","context":"Post similar","block_context":{"text":"Post similar","link":""},"img":{"alt_text":"","src":"https:\/\/i0.wp.com\/cfcontabil.com\/cf\/wp-content\/uploads\/2019\/08\/49579484_2215942382007619_8106196050403917824_n-1.jpg?resize=350%2C200","width":350,"height":200},"classes":[]}],"jetpack_likes_enabled":true,"_links":{"self":[{"href":"http:\/\/cfcontabil.com\/cf\/wp-json\/wp\/v2\/pages\/3494","targetHints":{"allow":["GET"]}}],"collection":[{"href":"http:\/\/cfcontabil.com\/cf\/wp-json\/wp\/v2\/pages"}],"about":[{"href":"http:\/\/cfcontabil.com\/cf\/wp-json\/wp\/v2\/types\/page"}],"author":[{"embeddable":true,"href":"http:\/\/cfcontabil.com\/cf\/wp-json\/wp\/v2\/users\/1"}],"replies":[{"embeddable":true,"href":"http:\/\/cfcontabil.com\/cf\/wp-json\/wp\/v2\/comments?post=3494"}],"version-history":[{"count":10,"href":"http:\/\/cfcontabil.com\/cf\/wp-json\/wp\/v2\/pages\/3494\/revisions"}],"predecessor-version":[{"id":3504,"href":"http:\/\/cfcontabil.com\/cf\/wp-json\/wp\/v2\/pages\/3494\/revisions\/3504"}],"wp:attachment":[{"href":"http:\/\/cfcontabil.com\/cf\/wp-json\/wp\/v2\/media?parent=3494"}],"curies":[{"name":"wp","href":"https:\/\/api.w.org\/{rel}","templated":true}]}}